{"id":10783,"date":"2020-01-10T13:36:34","date_gmt":"2020-01-10T12:36:34","guid":{"rendered":"http:\/\/www.ladislavjakl.cz\/?page_id=10783"},"modified":"2020-01-10T13:36:34","modified_gmt":"2020-01-10T12:36:34","slug":"archiv-rubriky-co-se-deje-rok-2018","status":"publish","type":"page","link":"https:\/\/www.ladislavjakl.cz\/?page_id=10783","title":{"rendered":"Archiv rubriky \u201eCo se d\u011bje\u201c \u2013 rok 2018"},"content":{"rendered":"<p><span style=\"color: #808080;\">22. 12. 18 12.00, KD Mlejn, Praha \u2013 Stod\u016flky: L. J. v porot\u011b fin\u00e1le sout\u011b\u017ee kapel Skute\u010dn\u00e1 liga<\/span><\/p>\n<p><span style=\"color: #808080;\">08. 12. 18 14:00 <span style=\"color: #000000;\"><a href=\"http:\/\/www.prvnipivniextraliga.cz\/\" target=\"_blank\" rel=\"noopener\">Prvn\u00ed pivn\u00ed extraliga<\/a><\/span> v Prvn\u00ed pivn\u00ed tramwayi: Z\u00e1kladn\u00ed kola Kr\u00e1l Prahy 2018. Sout\u011b\u017e mal\u00fdch pra\u017esk\u00fdch pivovar\u016f&nbsp;<\/span><\/p>\n<p><span style=\"color: #808080;\">03. 12. 18 Na slamn\u00edku, Praha \u2013 Bubene\u010d, koncert kapely <span style=\"color: #000000;\"> <a href=\"http:\/\/folimankablues.cz\/\" target=\"_blank\" rel=\"noopener\">Folimanka Blues<\/a><\/span><\/span><\/p>\n<p><span style=\"color: #808080;\">27. 11. 18 19:00 <span style=\"color: #000000;\"><a href=\"http:\/\/www.prvnipivniextraliga.cz\/\" target=\"_blank\" rel=\"noopener\">Prvn\u00ed pivn\u00ed extraliga<\/a><\/span> v Prvn\u00ed pivn\u00ed tramwayi: \u010cR \u2013 SK Superfin\u00e1le: Le\u017e\u00e1k 2018<\/span><\/p>\n<p><span style=\"color: #808080;\">15. 11. 18 21.30 \u2013 L. J. \u017eiv\u011b v po\u0159adu M\u00e1te slovo na \u010cT1 na t\u00e9ma v\u00fdro\u010d\u00ed 17. listopadu 1989<\/span><\/p>\n<p><span style=\"color: #808080;\">13. 11. 18 19:00 <span style=\"color: #000000;\"><a href=\"http:\/\/www.prvnipivniextraliga.cz\/\" target=\"_blank\" rel=\"noopener\">Prvn\u00ed pivn\u00ed extraliga<\/a><\/span> v Prvn\u00ed pivn\u00ed tramwayi: Fin\u00e1le: \u010cesk\u00fd le\u017e\u00e1k 2018<\/span><\/p>\n<p><span style=\"color: #808080;\">12. 11. 18 20:30 L.J. hostem po\u0159adu Na prahu zm\u011bn internetov\u00e9ho r\u00e1dia Slobodn\u00fd vysiela\u010d<\/span><\/p>\n<p><span style=\"color: #808080;\">08. 11. 18 12.00 \u2013 pivovar Garage Rock and Roller, Ostrava: L. J. na Slavnostn\u00edm vyhl\u00e1\u0161en\u00ed cen Sdru\u017een\u00ed p\u0159\u00e1tel piva<\/span><\/p>\n<p><span style=\"color: #808080;\">03. 11. 18 Klub KC Svoboda, Cheb,&nbsp;koncert kapely Folimanka Blues<\/span><\/p>\n<p><span style=\"color: #808080;\">29. 10. 18 19:00 <span style=\"color: #000000;\"><a href=\"http:\/\/www.prvnipivniextraliga.cz\/\" target=\"_blank\" rel=\"noopener\">Prvn\u00ed pivn\u00ed extraliga<\/a><\/span> v Prvn\u00ed pivn\u00ed tramwayi: 2. semifin\u00e1le \u010cesk\u00fd le\u017e\u00e1k 2018<\/span><\/p>\n<p><span style=\"color: #808080;\">23. 10. 18, 18.00, Pardubice, restaurace Evropa, Pern\u0161tejnsk\u00e9 n\u00e1m. 74 \u2013 beseda s L. J. v r\u00e1mci cyklu Pardubick\u00fd salon<\/span><\/p>\n<p><span style=\"color: #808080;\">21. 10. 18 16.30 \u2013 p\u0159edn\u00e1\u0161ka Ladislava Jakla s&nbsp;degustac\u00ed na t\u00e9ma Extravagantn\u00ed pivn\u00ed styly, Prague Bar Show, Spirit Magaz\u00edn Stage, Pragovka, Kolbenova 923\/34 a, Praha 9 \u2013 Vyso\u010dany<\/span><\/p>\n<p><span style=\"color: #808080;\">17. 10. 18 19:00 <span style=\"color: #000000;\"><a href=\"http:\/\/www.prvnipivniextraliga.cz\/\" target=\"_blank\" rel=\"noopener\">Prvn\u00ed pivn\u00ed extraliga<\/a><\/span> v Prvn\u00ed pivn\u00ed tramwayi: 1. semifin\u00e1le \u010cesk\u00fd le\u017e\u00e1k 2018<\/span><\/p>\n<p><span style=\"color: #808080;\">12. 10. 18 22:25 TV Barrandov \u2013 L. J. v&nbsp;diskusn\u00edm po\u0159adu Jarom\u00edr Soukup Live<\/span><\/p>\n<p><span style=\"color: #808080;\">20. 09. 18 17.00 \u2013 Ma\u010farsk\u00e9 velvyslanectv\u00ed, Pod hradbami 17, St\u0159e\u0161ovice: L. Jakl promluv\u00ed na demonstraci na podporu Ma\u010farsk\u00e9ho lidu proti dikt\u00e1tu Evropsk\u00e9 unie<\/span><\/p>\n<p><span style=\"color: #808080;\">20. 09. 18 13.00 \u2013 televize Seznam TV: Duel Ladislava Jakla s protikandid\u00e1ty sen\u00e1tn\u00edho obvodu \u017di\u017ekov, Vinohrady<\/span><\/p>\n<p><span style=\"color: #808080;\">18. 09. 18 21.10: L. J. \u017eiv\u011b v po\u0159adu Ar\u00e9na televize Barrandov.<\/span><\/p>\n<p><span style=\"color: #808080;\">14. 09. 18 12.55 \u2013 Ladislav Jakl odpov\u00edd\u00e1 on-line na ot\u00e1zky \u010dten\u00e1\u0159\u016f Aktu\u00e1ln\u011b.cz<\/span><\/p>\n<p><span style=\"color: #808080;\">12. 09. 18 19.00, Bra\u0161kov-Valdek, Studio Beta Svobodn\u00e9ho r\u00e1dia: \u017eiv\u011b vys\u00edlan\u00fd rozhovor s L. J. o kandidatu\u0159e do Sen\u00e1tu<\/span><\/p>\n<p><span style=\"color: #808080;\">12. 09. 18 16 \u2013 18 hodin, n\u00e1m\u011bst\u00ed I. P. Pavlova: setk\u00e1n\u00ed L. J. s ve\u0159ejnost\u00ed<\/span><\/p>\n<p><span style=\"color: #808080;\">10. 09. 18 16 \u2013 18 hodin, n\u00e1m\u011bst\u00ed I. P. Pavlova: setk\u00e1n\u00ed L. J. s ve\u0159ejnost\u00ed<\/span><\/p>\n<p><span style=\"color: #808080;\">10. 09. 18 09.00, Poslaneck\u00e1 sn\u011bmovna: L. J. vystoup\u00ed na semin\u00e1\u0159i&nbsp;<a style=\"color: #808080;\" href=\"http:\/\/www.novarepublika.cz\/2018\/08\/seminar-svoboda-projevu-pravo-obcana-na.html\">Svoboda projevu a pr\u00e1vo ob\u010dana na pravdu<\/a><\/span><\/p>\n<p><span style=\"color: #808080;\">23. 08. 18 13.00 \u2013 Mafra: L. J. v&nbsp;on-line videopo\u0159adu iDnes na t\u00e9ma kandidatury do Sen\u00e1tu<\/span><\/p>\n<p><span style=\"color: #808080;\">08. 08. 18 17.00, Wilsonova 10, Praha 2 \u2013 L. J. nat\u00e1\u010d\u00ed rozhovor pro televizi XTV o kandidatu\u0159e do Sen\u00e1tu<\/span><\/p>\n<p><span style=\"color: #808080;\">07. 08. 18 10.00, Vini\u010dn\u00ed alt\u00e1n, Havl\u00ed\u010dkovy sady, Praha 2 \u2013 L. J. na prezentaci kandid\u00e1t\u016f SPD do sen\u00e1tn\u00edch a komun\u00e1ln\u00edch voleb<\/span><\/p>\n<p><span style=\"color: #808080;\">02. 08. 18 Rozhovor s L. J. na DVTV o kandidatu\u0159e do Sen\u00e1tu.<\/span><\/p>\n<p><span style=\"color: #808080;\">25. 07. 18 Pivn\u00ed mozaika, K\u0159i\u017e\u00edkova 29, Praha 8: Ve\u0159ejn\u00e1 degustace s L. J. na t\u00e9ma \u201eNovinky \u010desk\u00fdch mikropivovar\u016f\u201c<\/span><\/p>\n<p><span style=\"color: #808080;\">19. 07. 18 22.05 \u2013 L. J. \u017eiv\u011b v po\u0159adu Ud\u00e1losti koment\u00e1\u0159e na \u010cT24 na t\u00e9ma medi\u00e1ln\u00ed \u0161tvanice proti americk\u00e9mu prezidentovi<\/span><\/p>\n<p><span style=\"color: #808080;\">18. 07. 18 Pivn\u00ed mozaika, K\u0159i\u017e\u00edkova 29, Praha 8: Ve\u0159ejn\u00e1 degustace s L. J. na t\u00e9ma \u201ePerly sv\u011btov\u00e9ho pivovarnictv\u00ed\u201c<\/span><\/p>\n<p><span style=\"color: #808080;\">11. 07. 18 11.30 \u2013 Slovensko, Bratislava, hotel Loft, pivovar Fabrika: L. J. spolu s <span style=\"color: #000000;\"><a href=\"http:\/\/www.prvnipivniextraliga.cz\/\" target=\"_blank\" rel=\"noopener\">Prvn\u00ed pivn\u00ed extraligou<\/a><\/span>&nbsp;ve\u0159ejn\u011b degustuje slovensk\u00e9 le\u017e\u00e1ky<\/span><\/p>\n<p><span style=\"color: #808080;\">04. 07. 18 Pivn\u00ed mozaika, K\u0159i\u017e\u00edkova 29, Praha 8: Ve\u0159ejn\u00e1 degustace s L. J. na t\u00e9ma \u201eTo nejlep\u0161\u00ed z&nbsp;\u010desk\u00fdch mikropivovar\u016f\u201c<\/span><\/p>\n<p><span style=\"color: #808080;\">28. 06. 18 18.00 \u2013 \u010cSVTS, Novotn\u00e9ho l\u00e1vka 5, Pha 1: L. J. promluv\u00ed na semin\u00e1\u0159i D.O.S.T. z&nbsp;cyklu Hovory na pravici na t\u00e9ma \u201eSpor o povahu a meze um\u011bleck\u00e9 svobody\u201c<\/span><\/p>\n<p><span style=\"color: #808080;\">20. 06. 18 19.00 \u2013 Malostransk\u00e1 beseda, Praha 1: koncertn\u00ed show k&nbsp;25. narozenin\u00e1m kapely <span style=\"color: #000000;\"> <a href=\"http:\/\/folimankablues.cz\/\" target=\"_blank\" rel=\"noopener\">Folimanka Blues<\/a><\/span><\/span><\/p>\n<p><span style=\"color: #808080;\">19. 06. 18 20.00 \u2013 L. J. v&nbsp;\u017eiv\u011b vys\u00edlan\u00e9m po\u0159adu Zpov\u011bdnice na Radiu Beat o koncert\u011b k&nbsp;25. v\u00fdro\u010d\u00ed kapely <span style=\"color: #000000;\"> <a href=\"http:\/\/folimankablues.cz\/\" target=\"_blank\" rel=\"noopener\">Folimanka Blues<\/a><\/span><\/span><\/p>\n<p><span style=\"color: #808080;\">15. 06. 18 14.00 \u2013 Kr\u00e1lovsk\u00e1 zahrada Pra\u017esk\u00e9ho hradu: slavnostn\u00ed nar\u00e1\u017een\u00ed unik\u00e1tn\u00edho piva <span style=\"color: #000000;\"> <a href=\"http:\/\/folimankablues.cz\/\" target=\"_blank\" rel=\"noopener\">Folimanka Blues<\/a><\/span> 25 v&nbsp;r\u00e1mci Festivalu minipivovar\u016f<\/span><\/p>\n<p><span style=\"color: #808080;\">06. 06. 18 Pivn\u00ed mozaika, K\u0159i\u017e\u00edkova 29, Praha 8: Ve\u0159ejn\u00e1 degustace s L. J. na t\u00e9ma \u201eTo nejlep\u0161\u00ed z&nbsp;\u010desk\u00fdch mikropivovar\u016f\u201c<\/span><\/p>\n<p><span style=\"color: #808080;\">23. 05. 18 Pivn\u00ed mozaika, K\u0159i\u017e\u00edkova 29, Praha 8: Ve\u0159ejn\u00e1 degustace s L. J. na t\u00e9ma \u201eSv\u011btov\u00e1 piva\u201c<\/span><\/p>\n<p><span style=\"color: #808080;\">19. 05. 18 KNAK, Teplice,&nbsp;koncert kapely <span style=\"color: #000000;\"> <a href=\"http:\/\/folimankablues.cz\/\" target=\"_blank\" rel=\"noopener\">Folimanka Blues<\/a><\/span><\/span><\/p>\n<p><span style=\"color: #808080;\">18. 05. 18 N\u00e1rodn\u00ed d\u016fm,&nbsp;\u00dast\u00ed nad Labem,&nbsp;koncert kapely <span style=\"color: #000000;\"> <a href=\"http:\/\/folimankablues.cz\/\" target=\"_blank\" rel=\"noopener\">Folimanka Blues<\/a><\/span><\/span><\/p>\n<p><span style=\"color: #808080;\">16. 05. 18 19:00 <span style=\"color: #000000;\"><a href=\"http:\/\/www.prvnipivniextraliga.cz\/\" target=\"_blank\" rel=\"noopener\">Prvn\u00ed pivn\u00ed extraliga<\/a><\/span> v Prvn\u00ed pivn\u00ed tramwayi: 5. z\u00e1kladn\u00ed kolo \u010cesk\u00fd le\u017e\u00e1k 2018<\/span><\/p>\n<p><span style=\"color: #808080;\">02. 05. 18 19:00 <span style=\"color: #000000;\"><a href=\"http:\/\/www.prvnipivniextraliga.cz\/\" target=\"_blank\" rel=\"noopener\">Prvn\u00ed pivn\u00ed extraliga<\/a><\/span> v Prvn\u00ed pivn\u00ed tramwayi: 4. z\u00e1kladn\u00ed kolo \u010cesk\u00fd le\u017e\u00e1k 2018<\/span><\/p>\n<p><span style=\"color: #808080;\">20. 04. 18 22:32 L. J. \u017eiv\u011b v&nbsp;po\u0159adu Ud\u00e1losti, koment\u00e1\u0159e na \u010cT24 na t\u00e9ma \u201cav\u00edzovan\u00fd odchod Sorosov\u00fdch organizac\u00ed z&nbsp;Ma\u010farska\u201c<\/span><\/p>\n<p><span style=\"color: #808080;\">04. 04. 18 19:00 <span style=\"color: #000000;\"><a href=\"http:\/\/www.prvnipivniextraliga.cz\/\" target=\"_blank\" rel=\"noopener\">Prvn\u00ed pivn\u00ed extraliga<\/a><\/span> v Prvn\u00ed pivn\u00ed tramwayi: 3. z\u00e1kladn\u00ed kolo \u010cesk\u00fd le\u017e\u00e1k 2018<\/span><\/p>\n<p><span style=\"color: #808080;\">28. 03. 18 Pivn\u00ed mozaika, K\u0159i\u017e\u00edkova 29, Praha 8: Ve\u0159ejn\u00e1 degustace s L. J. na t\u00e9ma \u201eSv\u011btov\u00e1 piva\u201c<\/span><\/p>\n<p><span style=\"color: #808080;\">21. 03. 18 11.30, B\u0159eznice, pivovar Herold: L. J. p\u0159ed\u00e1v\u00e1 za <span style=\"color: #000000;\"><a href=\"http:\/\/www.prvnipivniextraliga.cz\/\" target=\"_blank\" rel=\"noopener\">Prvn\u00ed pivn\u00ed extraliga<\/a><\/span> cenu le\u017e\u00e1ku Herold za v\u00edt\u011bzstv\u00ed v&nbsp;PPE za rok 2017. &nbsp;<\/span><\/p>\n<p><span style=\"color: #808080;\">20. 03. 18 22.05 \u2013 L.J. v&nbsp;po\u0159adu \u010cT24 Ud\u00e1losti, koment\u00e1\u0159e na t\u00e9ma Podobnosti \u010desk\u00fdch a slovensk\u00fdch politick\u00fdch turbulenc\u00ed<\/span><\/p>\n<p><span style=\"color: #808080;\">17. 03. 18 Klub 12 12 12, Vratislavice nad Nisou, koncert kapely <span style=\"color: #000000;\"> <a href=\"http:\/\/folimankablues.cz\/\" target=\"_blank\" rel=\"noopener\">Folimanka Blues<\/a><\/span><\/span><\/p>\n<p><span style=\"color: #808080;\">16. 03. 18 Star\u00e1 Mydl\u00e1rna, M\u011bln\u00edk, koncert kapely <span style=\"color: #000000;\"> <a href=\"http:\/\/folimankablues.cz\/\" target=\"_blank\" rel=\"noopener\">Folimanka Blues<\/a><\/span><\/span><\/p>\n<p><span style=\"color: #808080;\">15. 03. 18 11.00 \u2013 L. J. v&nbsp;rozhovoru pro internetovou televizi Info.cz<\/span><\/p>\n<p><span style=\"color: #808080;\">14. 03. 18 Pivn\u00ed mozaika, K\u0159i\u017e\u00edkova 29, Praha 8: Ve\u0159ejn\u00e1 degustace s L. J. na t\u00e9ma \u201eSv\u011btov\u00e1 piva\u201c<\/span><\/p>\n<p><span style=\"color: #808080;\">07. 03. 18 19:00 <span style=\"color: #000000;\"><a href=\"http:\/\/www.prvnipivniextraliga.cz\/\" target=\"_blank\" rel=\"noopener\">Prvn\u00ed pivn\u00ed extraliga<\/a><\/span> v Prvn\u00ed pivn\u00ed tramwayi: 2. z\u00e1kladn\u00ed kolo \u010cesk\u00fd le\u017e\u00e1k 2018<\/span><\/p>\n<p><span style=\"color: #808080;\">28. 02. 18 CIMRFEST, Vagon, Praha \u2013 N\u00e1rodn\u00ed t\u0159\u00edda, koncert kapely <span style=\"color: #000000;\"> <a href=\"http:\/\/folimankablues.cz\/\" target=\"_blank\" rel=\"noopener\">Folimanka Blues<\/a><\/span><\/span><\/p>\n<p><span style=\"color: #808080;\">20. 02. 18 19:00 <span style=\"color: #000000;\"><a href=\"http:\/\/www.prvnipivniextraliga.cz\/\" target=\"_blank\" rel=\"noopener\">Prvn\u00ed pivn\u00ed extraliga<\/a><\/span> v Prvn\u00ed pivn\u00ed tramwayi: 1. z\u00e1kladn\u00ed kolo \u010cesk\u00fd le\u017e\u00e1k 2018<\/span><\/p>\n<p><span style=\"color: #808080;\">17. 02. 18 DK \u00c1ntr\u00e9, \u010cesk\u00fd Krumlov, koncert kapely <span style=\"color: #000000;\"> <a href=\"http:\/\/folimankablues.cz\/\" target=\"_blank\" rel=\"noopener\">Folimanka Blues<\/a><\/span><\/span><\/p>\n<p><span style=\"color: #808080;\">16. 02. 18 Mezin\u00e1rodn\u00ed pivn\u00ed festival \u010cesk\u00e9 Bud\u011bjovice \u2013 Budvar arena, KD Gerbera, koncert kapely <span style=\"color: #000000;\"> <a href=\"http:\/\/folimankablues.cz\/\" target=\"_blank\" rel=\"noopener\">Folimanka Blues<\/a><\/span><\/span><\/p>\n<p><span style=\"color: #808080;\">06. 02. 18 19:00 <span style=\"color: #000000;\"><a href=\"http:\/\/www.prvnipivniextraliga.cz\/\" target=\"_blank\" rel=\"noopener\">Prvn\u00ed pivn\u00ed extraliga<\/a><\/span> v Prvn\u00ed pivn\u00ed tramwayi: Fin\u00e1le Kr\u00e1l Prahy 2017. Sout\u011b\u017e mal\u00fdch pra\u017esk\u00fdch pivovar\u016f<\/span><\/p>\n<p><span style=\"color: #808080;\">02. 02. 18 22.05 \u2013 L. J. hostem televizn\u00edho po\u0159adu Ud\u00e1losti, Koment\u00e1\u0159e na programu \u010cT24<\/span><\/p>\n<p><span style=\"color: #808080;\">31. 01. 18 Kongresov\u00e9 centrum Praha \u2013 L. J., v degusta\u010dn\u00ed komisi sout\u011b\u017ee Zlat\u00e1 \u010desk\u00e1 a moravsk\u00e1 pivn\u00ed koruna.<\/span><\/p>\n<p><span style=\"color: #808080;\">26. 01. 18 12.00 \u2013 L. J. \u017eiv\u011b na TV Blesk v debat\u011b o prezidentsk\u00fdch volb\u00e1ch<\/span><\/p>\n<p><span style=\"color: #808080;\">15. 01. 18 22:22 \u2013 L. J. \u017eiv\u011b v po\u0159adu \u010cT24 Ud\u00e1losti, koment\u00e1\u0159e na t\u00e9ma Z\u00e1v\u011bre\u010dn\u00e1 f\u00e1ze prezidentsk\u00fdch voleb<\/span><\/p>\n","protected":false},"excerpt":{"rendered":"<p>22. 12. 18 12.00, KD Mlejn, Praha \u2013 Stod\u016flky: L. J. v porot\u011b fin\u00e1le sout\u011b\u017ee kapel Skute\u010dn\u00e1 liga 08. 12. 18 14:00 Prvn\u00ed pivn\u00ed extraliga v Prvn\u00ed pivn\u00ed tramwayi: Z\u00e1kladn\u00ed kola Kr\u00e1l Prahy 2018. Sout\u011b\u017e mal\u00fdch pra\u017esk\u00fdch pivovar\u016f&nbsp; 03. 12. 18 Na slamn\u00edku, Praha \u2013 Bubene\u010d, koncert kapely Folimanka Blues 27. 11. 18 19:00 Prvn\u00ed [&hellip;]<\/p>\n","protected":false},"author":1,"featured_media":0,"parent":0,"menu_order":0,"comment_status":"closed","ping_status":"closed","template":"","meta":{"ngg_post_thumbnail":0,"footnotes":""},"class_list":["post-10783","page","type-page","status-publish","hentry"],"_links":{"self":[{"href":"https:\/\/www.ladislavjakl.cz\/index.php?rest_route=\/wp\/v2\/pages\/10783","targetHints":{"allow":["GET"]}}],"collection":[{"href":"https:\/\/www.ladislavjakl.cz\/index.php?rest_route=\/wp\/v2\/pages"}],"about":[{"href":"https:\/\/www.ladislavjakl.cz\/index.php?rest_route=\/wp\/v2\/types\/page"}],"author":[{"embeddable":true,"href":"https:\/\/www.ladislavjakl.cz\/index.php?rest_route=\/wp\/v2\/users\/1"}],"replies":[{"embeddable":true,"href":"https:\/\/www.ladislavjakl.cz\/index.php?rest_route=%2Fwp%2Fv2%2Fcomments&post=10783"}],"version-history":[{"count":2,"href":"https:\/\/www.ladislavjakl.cz\/index.php?rest_route=\/wp\/v2\/pages\/10783\/revisions"}],"predecessor-version":[{"id":10785,"href":"https:\/\/www.ladislavjakl.cz\/index.php?rest_route=\/wp\/v2\/pages\/10783\/revisions\/10785"}],"wp:attachment":[{"href":"https:\/\/www.ladislavjakl.cz\/index.php?rest_route=%2Fwp%2Fv2%2Fmedia&parent=10783"}],"curies":[{"name":"wp","href":"https:\/\/api.w.org\/{rel}","templated":true}]}}