{"id":13203,"date":"2023-01-26T14:19:16","date_gmt":"2023-01-26T13:19:16","guid":{"rendered":"https:\/\/www.ladislavjakl.cz\/?page_id=13203"},"modified":"2023-01-26T14:32:49","modified_gmt":"2023-01-26T13:32:49","slug":"archiv-co-se-deje-rok-2021","status":"publish","type":"page","link":"https:\/\/www.ladislavjakl.cz\/?page_id=13203","title":{"rendered":"Archiv rubriky &#8222;Co se d\u011bje&#8220; &#8211; rok 2021"},"content":{"rendered":"<p><span style=\"color: #808080;\">07.12. 2021, 19.00 \u2013 M\u00edsto neve\u0159ejn\u00e9: D\u00e1msko-p\u00e1nsk\u00e1 degustace \u010desk\u00fdch sour ales<\/span><\/p>\n<p><span style=\"color: #808080;\">29.11. 2021, 19.00 \u2013 Prvn\u00ed Pivn\u00ed Tramway, Praha \u2013 Spo\u0159ilov: \u010cesko-slovensk\u00e9 Super fin\u00e1le degusta\u010dn\u00ed sout\u011b\u017ee Prvn\u00ed pivn\u00ed extraligy o nejlep\u0161\u00ed lahvov\u00fd le\u017e\u00e1k<\/span><\/p>\n<p><span style=\"color: #808080;\">17.11. 2021, 15.00 \u2013 Starom\u011bstsk\u00e9 n\u00e1m\u011bst\u00ed \u2013 L. J. promluv\u00ed na Demonstraci za svobodu a demokracii<\/span><\/p>\n<p><span style=\"color: #808080;\">08.11. 2021, 17.00 \u2013 L. J. na slavnostn\u00edm otev\u0159en\u00ed pivovaru BadFlash v&nbsp;Kobylis\u00edch<\/span><\/p>\n<p><span style=\"color: #808080;\">04.11. 2021, 11.00 \u2013 Pivovar Ber\u00e1nek, St\u011b\u017eery: L. J. \u010destn\u00fdm hostem Slavnostn\u00edho p\u0159ed\u00e1v\u00e1n\u00ed V\u00fdro\u010dn\u00edch cen Sdru\u017een\u00ed p\u0159\u00e1tel piva<\/span><\/p>\n<p><span style=\"color: #808080;\">03.11. 2021, 17.00 \u2013 Galerie Ji\u0159\u00edho Trnky, Plze\u0148: L. J. pok\u0159t\u00ed Monografii Pavla Janou\u0161kovce a hudebn\u011b doprovod\u00ed vernis\u00e1\u017e v\u00fdstavy jeho obraz\u016f<\/span><\/p>\n<p><span style=\"color: #808080;\">24.10. 2021, 21.00 \u2013 XTV: L. J. v \u017eiv\u00e9m vys\u00edl\u00e1n\u00ed po\u0159adu Xaver Live<\/span><\/p>\n<p><span style=\"color: #808080;\">20.10. 2021, 16.00 \u2013 Knihcentrum, D\u016fm knihy, Ostrava: autogrami\u00e1da autor\u016f knihy Piva\u0159 a Blond\u00fdna Ladislava Jakla a Daniely Kov\u00e1\u0159ov\u00e9<\/span><\/p>\n<p><span style=\"color: #808080;\">12.10. 2021, 18.18 \u2013 vin\u00e1rna U posledn\u00edho soudu, Jagellonsk\u00e1 8, Praha 3 \u2013 Vinohrady: autogrami\u00e1da autor\u016f knihy Piva\u0159 a Blond\u00fdna Ladislava Jakla a Daniely Kov\u00e1\u0159ov\u00e9<\/span><\/p>\n<p><span style=\"color: #808080;\">11.10. 2021, 19.00 \u2013 Prvn\u00ed Pivn\u00ed Tramway, Praha \u2013 Spo\u0159ilov: fin\u00e1le 12. ro\u010dn\u00edku degusta\u010dn\u00ed sout\u011b\u017ee Prvn\u00ed pivn\u00ed extraligy o nejlep\u0161\u00ed \u010desk\u00fd lahvov\u00fd le\u017e\u00e1k<\/span><\/p>\n<p><span style=\"color: #808080;\">01.10. 2021, 19.00 \u2013&nbsp;Egon Caf\u00e9, Galerie Egon Schiele, \u010cesk\u00fd Krumlov: autogrami\u00e1da autor\u016f knihy Piva\u0159 a Blond\u00fdna Ladislava Jakla a Daniely Kov\u00e1\u0159ov\u00e9<\/span><\/p>\n<p><span style=\"color: #808080;\">28.09. 2021, 19.00 \u2013 Prvn\u00ed Pivn\u00ed Tramway, Praha \u2013 Spo\u0159ilov: druh\u00e9 semifin\u00e1le degusta\u010dn\u00ed sout\u011b\u017ee Prvn\u00ed pivn\u00ed extraligy o nejlep\u0161\u00ed \u010desk\u00fd lahvov\u00fd le\u017e\u00e1k<\/span><\/p>\n<p><span style=\"color: #808080;\">27.09. 2021, 18.00 \u2013 Pivovar Vik, U tov\u00e1rem 31, Praha 15 \u2013 Hostiva\u0159: Prvn\u00ed pivn\u00ed extraliga p\u0159ed\u00e1v\u00e1 ocen\u011bn\u00ed pivovaru Vik za v\u00edt\u011bzstv\u00ed v&nbsp;degusta\u010dn\u00ed sout\u011b\u017ei O kr\u00e1le prahy za rok 2020. &nbsp;<\/span><\/p>\n<p><span style=\"color: #808080;\">24.09. 2021, 17.00 \u2013&nbsp;St\u0159eleck\u00e1 cesta Kr\u00e1lovsk\u00e9 zahrady Pra\u017esk\u00e9ho hradu: autogrami\u00e1da autor\u016f knihy Piva\u0159 a Blond\u00fdna Ladislava Jakla a Daniely Kov\u00e1\u0159ov\u00e9 v&nbsp;r\u00e1mci Festivalu minipivovar\u016f<\/span><\/p>\n<p><span style=\"color: #808080;\">21.09. 2021, 19.00 \u2013 Prvn\u00ed Pivn\u00ed Tramway, Praha \u2013 Spo\u0159ilov: prvn\u00ed semifin\u00e1le degusta\u010dn\u00ed sout\u011b\u017ee Prvn\u00ed pivn\u00ed extraligy o nejlep\u0161\u00ed \u010desk\u00fd lahvov\u00fd le\u017e\u00e1k<\/span><\/p>\n<p><span style=\"color: #808080;\">18.09. 2021, 14.00 \u2013&nbsp;Plze\u0148-\u010cernice: autogrami\u00e1da autor\u016f knihy Piva\u0159 a Blond\u00fdna Ladislava Jakla a Daniely Kov\u00e1\u0159ov\u00e9 v&nbsp;r\u00e1mci festivalu Slunce ve skle<\/span><\/p>\n<p><span style=\"color: #808080;\">15.09. 2021, 19.30 \u2013 Na slamn\u00edku, Pha &#8211; Bubene\u010d: koncert skupiny Folimanka Blues<\/span><\/p>\n<p><span style=\"color: #808080;\">11.09. 2021, 14.00 \u2013&nbsp;Horn\u00ed Plan\u00e1, u pl\u00e1\u017ee: autogrami\u00e1da autor\u016f knihy Piva\u0159 a Blond\u00fdna Ladislava Jakla a Daniely Kov\u00e1\u0159ov\u00e9 v&nbsp;r\u00e1mci lipensk\u00e9ho September Festu<\/span><\/p>\n<p><span style=\"color: #808080;\">06.09. 2021, 17.00 \u2013&nbsp;Obecn\u00ed d\u016fm, Gr\u00e9gr\u016fv s\u00e1l, N\u00e1m. Republiky, Praha 1: L. J. promluv\u00ed na semin\u00e1\u0159i IVK \u201eVolby 2021 \u2013 Budou o n\u011b\u010dem?\u201c<\/span><\/p>\n<p><span style=\"color: #808080;\">04.09. 2021, 15.00 \u2013&nbsp;M\u011bstsk\u00fd stadion Wroclaw, Polsko: P\u0159edn\u00e1\u0161ka L. J. o nov\u00fdch trendech v&nbsp;\u010desk\u00e9m pivovarnictv\u00ed v&nbsp;r\u00e1mci Festiwalu Dobrego Piwa<\/span><\/p>\n<p><span style=\"color: #808080;\">01.09. 2021, 19.00 \u2013 Prvn\u00ed Pivn\u00ed Tramway, Praha &#8211; Spo\u0159ilov: slovensk\u00e9 fin\u00e1le degusta\u010dn\u00ed sout\u011b\u017ee Prvn\u00ed pivn\u00ed extraligy o nejlep\u0161\u00ed lahvov\u00fd le\u017e\u00e1k<\/span><\/p>\n<p><span style=\"color: #808080;\">27.08. 2021, 18.00 \u2013&nbsp;Pivovar Hlubok\u00e1 nad Vltavou, n\u00e1m. \u010cSLA: autogrami\u00e1da autor\u016f knihy Piva\u0159 a Blond\u00fdna Ladislava Jakla a Daniely Kov\u00e1\u0159ov\u00e9<\/span><\/p>\n<p><span style=\"color: #808080;\">10.08. 2021, 19.00 \u2013&nbsp;PERMANENT BEER FEST&nbsp;are\u00e1l Pragovky,&nbsp;Kolbenova 34a: autogrami\u00e1da autor\u016f knihy Piva\u0159 a Blond\u00fdna Ladislava Jakla a Daniely Kov\u00e1\u0159ov\u00e9<\/span><\/p>\n<p><span style=\"color: #808080;\">28.07. 2021, 10.30 \u2013 pivovar Plze\u0148sk\u00fd Prazdroj: L. J., spolu s&nbsp;\u010dleny Prvn\u00ed pivn\u00ed extraligy p\u0159ed\u00e1v\u00e1 ocen\u011bn\u00ed za v\u00edt\u011bzstv\u00ed prazdroje v&nbsp;degusta\u010dn\u00ed sout\u011b\u017ei \u010desk\u00fdch le\u017e\u00e1k\u016f za rok 2020<\/span><\/p>\n<p><span style=\"color: #808080;\">23.07. 2021, 19.00 \u2013 chata Povyd\u0159\u00ed, Srn\u00ed: autogrami\u00e1da autor\u016f knihy Piva\u0159 a Blond\u00fdna Ladislava Jakla a Daniely Kov\u00e1\u0159ov\u00e9<\/span><\/p>\n<p><span style=\"color: #808080;\">21.07. 2021, 10.30 \u2013 Prima CNN: L. J. v&nbsp;\u017eiv\u00e9m vys\u00edl\u00e1n\u00ed po\u0159adu Zpr\u00e1vy Plus<\/span><\/p>\n<p><span style=\"color: #808080;\">25.06. 2021, 17.00 \u2013 Plze\u0148 \u2013 Hradi\u0161t\u011b: koncert skupiny Folimanka Blues<\/span><\/p>\n<p><span style=\"color: #808080;\">18.06. 2021, 12.30 \u2013 Prima CNN: L. J. v&nbsp;\u017eiv\u00e9m vys\u00edl\u00e1n\u00ed po\u0159adu K v\u011bci<\/span><\/p>\n<p><span style=\"color: #808080;\">15.06.2021, 17.00 \u2013 pivnice pivovaru Trilobit, Francouzsk\u00e1 ul., Vr\u0161ovice: autogrami\u00e1da autor\u016f knihy Piva\u0159 a Blond\u00fdna Ladislava Jakla a Daniely Kov\u00e1\u0159ov\u00e9<\/span><\/p>\n<p><span style=\"color: #808080;\">29.05. 2021, 19.00 \u2013 Pivnice Pivote\u010dka, Plze\u0148, autogrami\u00e1da autor\u016f knihy Piva\u0159 a Blond\u00fdna Ladislava Jakla a Daniely Kov\u00e1\u0159ov\u00e9<\/span><\/p>\n<p><span style=\"color: #808080;\">25.05.2021, 18.00 \u2013 m\u00edsto nezn\u00e1m\u00e9: speci\u00e1ln\u00ed vlo\u017eena degustace Prvn\u00ed pivn\u00ed extraligy pro kategorii \u201ev \u010cesku pr\u016fmyslov\u011b vyr\u00e1b\u011bn\u00e1 piva stylu IPA\u201c<\/span><\/p>\n<p><span style=\"color: #808080;\">11.05.2021, 18.00 \u2013 m\u00edsto nezn\u00e1m\u00e9: p\u00e1t\u00e9 kolo 12. ro\u010dn\u00edku degusta\u010dn\u00ed sout\u011b\u017ee Prvn\u00ed pivn\u00ed extraligy o nejlep\u0161\u00ed lahvov\u00fd \u010desk\u00fd le\u017e\u00e1k<\/span><\/p>\n<p><span style=\"color: #808080;\">04.05. 2021, 20.15 \u2013 TV Prima: L. J. hostem v \u017eiv\u011b vys\u00edlen\u00e9m po\u0159adu 360 stup\u0148\u016f Pavl\u00edny Wolfov\u00e9<\/span><\/p>\n<p><span style=\"color: #808080;\">29.04.2021, 18.00 \u2013 Kl\u00e1rov \u2013 Mal\u00e1 Strana: L. J. podpo\u0159\u00ed demonstraci Aliance pro rodinu proti z\u00e1m\u011bru redefinovat man\u017eelstv\u00ed<\/span><\/p>\n<p><span style=\"color: #808080;\">27.04.2021, 18.00 \u2013 m\u00edsto nezn\u00e1m\u00e9: \u010dtvrt\u00e9 kolo 12. ro\u010dn\u00edku degusta\u010dn\u00ed sout\u011b\u017ee Prvn\u00ed pivn\u00ed extraligy o nejlep\u0161\u00ed lahvov\u00fd \u010desk\u00fd le\u017e\u00e1k<\/span><\/p>\n<p><span style=\"color: #808080;\">26.04. 2021, 18.30 \u2013 Hovory na pravici XXIX \u2013 L. J. \u00fa\u010dastn\u00edkem diskusn\u00edho ve\u010dera Akce D.O.S.T. na t\u00e9ma Star\u00e9 totalitn\u00ed praktiky s&nbsp;novou tv\u00e1\u0159\u00ed, \u017eiv\u011b vys\u00edlan\u00e9ho na TV Raptor<\/span><\/p>\n<p><span style=\"color: #808080;\">15.04. 2021, 20.00 \u2013 Magister Kelley: nat\u00e1\u010den\u00ed a \u017eiv\u011b vys\u00edlan\u00fd koncert kapely Folimanka Blues<\/span><\/p>\n<p><span style=\"color: #808080;\">13.04.2021, 18.00 \u2013 m\u00edsto nezn\u00e1m\u00e9: t\u0159et\u00ed kolo 12. ro\u010dn\u00edku degusta\u010dn\u00ed sout\u011b\u017ee Prvn\u00ed pivn\u00ed extraligy o nejlep\u0161\u00ed lahvov\u00fd \u010desk\u00fd le\u017e\u00e1k<\/span><\/p>\n<p><span style=\"color: #808080;\">12.04. 2021, 21.30 \u2013 televize XTV, L. J. \u017eiv\u011b v po\u0159adu Karol\u00edna Stonjekov\u00e1 \u017eiv\u011b<\/span><\/p>\n<p><span style=\"color: #808080;\">10.04. 2021, 10.00 \u2013 pivovar Veselka, Litomy\u0161l, L. J. v porot\u011b sout\u011b\u017ee domovarn\u00edk\u016f Litomy\u0161lsk\u00fd korbel<\/span><\/p>\n<p><span style=\"color: #808080;\">30.03. 2021, 18.00 \u2013 m\u00edsto nezn\u00e1m\u00e9: druh\u00e9 kolo 12. ro\u010dn\u00edku degusta\u010dn\u00ed sout\u011b\u017ee Prvn\u00ed pivn\u00ed extraligy o nejlep\u0161\u00ed lahvov\u00fd \u010desk\u00fd le\u017e\u00e1k<\/span><\/p>\n<p><span style=\"color: #808080;\">17.03. 2021, 18.00 \u2013 m\u00edsto nezn\u00e1m\u00e9: prvn\u00ed kolo 12. ro\u010dn\u00edku degusta\u010dn\u00ed sout\u011b\u017ee Prvn\u00ed pivn\u00ed extraligy o nejlep\u0161\u00ed lahvov\u00fd \u010desk\u00fd le\u017e\u00e1k<\/span><\/p>\n<p><span style=\"color: #808080;\">06.02. 2021, 16.00 \u2013 m\u00edsto nezn\u00e1m\u00e9: degusta\u010dn\u00ed sout\u011b\u017e Prvn\u00ed pivn\u00ed extraligy o nejlep\u0161\u00ed \u010depovan\u00fd le\u017e\u00e1k z pra\u017esk\u00fdch mikropivovar\u016f Kr\u00e1l Prahy<\/span><\/p>\n<p><span style=\"color: #808080;\">26.01. 2021, 18.00 \u2013 m\u00edsto nezn\u00e1m\u00e9: \u010cesko \u2013 Slovensk\u00e9 Superfin\u00e1le Prvn\u00ed pivn\u00ed extraligy pro rok 2020.<\/span><\/p>\n<p><span style=\"color: #808080;\">11. 01. 2021, 18.00 \u2013 Pivn\u00ed Bar Trilobit, Plze\u0148sk\u00e1 ul., Pha 5: Autogrami\u00e1da autor\u016f knihy Piva\u0159 a Blond\u00fdna L. Jakla a D. Kov\u00e1\u0159ov\u00e9<\/span><\/p>\n<p><span style=\"color: #808080;\">10. 01. 2021 21.30 \u2013 L. J. hostem \u017eiv\u011b vys\u00edlan\u00e9ho po\u0159adu Xaver Live na XTV<\/span><\/p>\n<p><span style=\"color: #808080;\">05.01. 2021 20.00 \u2013 L. J. hostem po\u0159adu Zpov\u011bdnice Radia Beat<\/span><\/p>\n","protected":false},"excerpt":{"rendered":"<p>07.12. 2021, 19.00 \u2013 M\u00edsto neve\u0159ejn\u00e9: D\u00e1msko-p\u00e1nsk\u00e1 degustace \u010desk\u00fdch sour ales 29.11. 2021, 19.00 \u2013 Prvn\u00ed Pivn\u00ed Tramway, Praha \u2013 Spo\u0159ilov: \u010cesko-slovensk\u00e9 Super fin\u00e1le degusta\u010dn\u00ed sout\u011b\u017ee Prvn\u00ed pivn\u00ed extraligy o nejlep\u0161\u00ed lahvov\u00fd le\u017e\u00e1k 17.11. 2021, 15.00 \u2013 Starom\u011bstsk\u00e9 n\u00e1m\u011bst\u00ed \u2013 L. J. promluv\u00ed na Demonstraci za svobodu a demokracii 08.11. 2021, 17.00 \u2013 L. J. [&hellip;]<\/p>\n","protected":false},"author":9,"featured_media":0,"parent":0,"menu_order":0,"comment_status":"closed","ping_status":"closed","template":"","meta":{"ngg_post_thumbnail":0,"footnotes":""},"class_list":["post-13203","page","type-page","status-publish","hentry"],"_links":{"self":[{"href":"https:\/\/www.ladislavjakl.cz\/index.php?rest_route=\/wp\/v2\/pages\/13203","targetHints":{"allow":["GET"]}}],"collection":[{"href":"https:\/\/www.ladislavjakl.cz\/index.php?rest_route=\/wp\/v2\/pages"}],"about":[{"href":"https:\/\/www.ladislavjakl.cz\/index.php?rest_route=\/wp\/v2\/types\/page"}],"author":[{"embeddable":true,"href":"https:\/\/www.ladislavjakl.cz\/index.php?rest_route=\/wp\/v2\/users\/9"}],"replies":[{"embeddable":true,"href":"https:\/\/www.ladislavjakl.cz\/index.php?rest_route=%2Fwp%2Fv2%2Fcomments&post=13203"}],"version-history":[{"count":3,"href":"https:\/\/www.ladislavjakl.cz\/index.php?rest_route=\/wp\/v2\/pages\/13203\/revisions"}],"predecessor-version":[{"id":13206,"href":"https:\/\/www.ladislavjakl.cz\/index.php?rest_route=\/wp\/v2\/pages\/13203\/revisions\/13206"}],"wp:attachment":[{"href":"https:\/\/www.ladislavjakl.cz\/index.php?rest_route=%2Fwp%2Fv2%2Fmedia&parent=13203"}],"curies":[{"name":"wp","href":"https:\/\/api.w.org\/{rel}","templated":true}]}}