{"id":14530,"date":"2025-01-06T13:36:11","date_gmt":"2025-01-06T12:36:11","guid":{"rendered":"https:\/\/www.ladislavjakl.cz\/?page_id=14530"},"modified":"2025-01-06T13:37:07","modified_gmt":"2025-01-06T12:37:07","slug":"archiv-rubriky-co-se-deje-rok-2023","status":"publish","type":"page","link":"https:\/\/www.ladislavjakl.cz\/?page_id=14530","title":{"rendered":"Archiv rubriky \u201eCo se d\u011bje\u201c \u2013 rok 2023"},"content":{"rendered":"<p><span style=\"color: #666699;\">30. 12. 2023, 16.00, Kbelsk\u00fd pivovar \u2013 L. J. p\u0159ed\u00e1v\u00e1 Kbelsk\u00e9mu pivovaru cenu za v\u00edt\u011bzstv\u00ed zdej\u0161\u00edho le\u017e\u00e1ku v&nbsp;degusta\u010dn\u00ed sout\u011b\u017ei Prvn\u00ed pivn\u00ed extraligy&nbsp;<b>Kr\u00e1l Prahy<\/b><\/span><\/p>\n<p><span style=\"color: #666699;\">22. 12. 2023, 17.00 &#8211; L. J. \u017eiv\u011b v TV Protiproud v po\u0159adu Jist\u011b, pane tajemn\u00edku<\/span><\/p>\n<p><span style=\"color: #666699;\">10. 12. 2023, 19.30, Na slamn\u00edku, Praha-Bubene\u010d: P\u0159edv\u00e1no\u010dn\u00ed koncert rockov\u00e9 kapely Folimanka Blues<\/span><\/p>\n<p><span style=\"color: #666699;\">08. 12. 2023, 17.00, Strahovsk\u00fd kl\u00e1\u0161ter sv. Norberta: L. J. na vyhla\u0161ov\u00e1n\u00ed v\u00edt\u011bz\u016f mezin\u00e1rodn\u00ed degusta\u010dn\u00ed sout\u011b\u017ee piv Golden Bohemia<\/span><\/p>\n<p><span style=\"color: #666699;\">03. 12. 2023, 19.00, divadlo SEMAFOR, Dejvice: L. J. \u201ek\u0159t\u00ed\u201c nov\u00e9 klipy sboru Gospel Time Suzany Stirsk\u00e9<\/span><\/p>\n<p><span style=\"color: #666699;\">24. 11. 2023, 10.50, Ostrov: beseda L. J. se studenty ostrovsk\u00e9ho gymnasia<\/span><\/p>\n<p><span style=\"color: #666699;\">22. 11. 2023, 19.30, Sv\u00e4t\u00e1 Barborka, Bansk\u00e1 \u0160tiavnica: \u010cesko-slovensk\u00e9 superfin\u00e1le Prvn\u00ed pivn\u00ed extraligy<\/span><\/p>\n<p><span style=\"color: #666699;\">19. 11. 12.00, kulturn\u00ed d\u016fm Kladno-S\u00edtn\u00e1: L. J. v porot\u011b nejv\u011bt\u0161\u00ed sout\u011b\u017ee kapel hraj\u00edc\u00edch na\u017eivo Skute\u010dn\u00e1 liga<\/span><\/p>\n<p><span style=\"color: #666699;\">17. 11. 2023, 22.00, \u010cT24: L. J. hostem po\u0159adu Ud\u00e1losti, koment\u00e1\u0159e na t\u00e9ma v\u00fdro\u010d\u00ed 17. listopadu 1989<\/span><\/p>\n<p><span style=\"color: #666699;\">16. 11. 2023, 18.00,&nbsp;UOL Klub, Praha 5&nbsp;\u2013&nbsp;P\u0159edn\u00e1\u0161ka L. J. na t\u00e9ma&nbsp;Nejv\u011bt\u0161\u00edm ohro\u017een\u00edm na\u0161\u00ed prosperity\u2026jsme my sami&nbsp;<\/span><\/p>\n<p><a href=\"https:\/\/www.uolklub.cz\/uol_event\/listopad-2023\/\" target=\"_blank\" rel=\"noopener\">https:\/\/www.uolklub.cz\/uol_event\/listopad-2023\/<\/a><\/p>\n<p><span style=\"color: #666699;\">15. 11. 2023, 17.00,&nbsp;Grand Hotel International&nbsp;\u2013&nbsp;P\u0159edstaven\u00ed knihy IVK Sebedestrukce Z\u00e1padu: P\u00e1d zrychluje&nbsp;<\/span><\/p>\n<p><a href=\"https:\/\/www.institutvk.cz\/akce\/predstaveni-knihy-sebedestrukce-zapadu-20-pad-zrychluje.html\" target=\"_blank\" rel=\"noopener\">https:\/\/www.institutvk.cz\/akce\/predstaveni-knihy-sebedestrukce-zapadu-20-pad-zrychluje.html<\/a><\/p>\n<p><span style=\"color: #666699;\">11. 11. 2023, 14.00, Prvn\u00ed Pivn\u00ed Tramway \u2013 Kr\u00e1l Prahy: degustace Prvn\u00ed pivn\u00ed extraligy v\u0161ech mikropivovarsk\u00fdch le\u017e\u00e1k\u016f vyr\u00e1b\u011bn\u00fdch na \u00fazem\u00ed na \u00fazem\u00ed hlavn\u00edho m\u011bsta &nbsp;&nbsp;<\/span><\/p>\n<p><span style=\"color: #666699;\">09. 11. 2023, 10.00, Rodinn\u00fd pivovar Bernard, Humpolec \u2013 L. J. moderuje slavnostn\u00ed p\u0159ed\u00e1v\u00e1n\u00ed V\u00fdro\u010dn\u00edch cen Sdru\u017een\u00ed p\u0159\u00e1tel piva<\/span><\/p>\n<p><span style=\"color: #666699;\">21. 10. 2023, 14.00 \u2013 L. J. po dev\u011btadvac\u00e1t\u00e9 \u00fa\u010dastn\u00edkem Memori\u00e1lu Mat\u011bje Kud\u011bje<\/span><\/p>\n<p><span style=\"color: #666699;\">19. 10. 2023, 17.00 \u2013&nbsp;L. J. v&nbsp;\u017eiv\u011b vys\u00edlan\u00e9m rozhovoru s&nbsp;Petrem H\u00e1jkem na TV Protiproud<\/span><\/p>\n<p><span style=\"color: #666699;\">14. 10. 2023, 10.00 \u2013&nbsp;B\u0159evnovsk\u00fd kl\u00e1\u0161ter, L. J. v&nbsp;porot\u011b mezin\u00e1rodn\u00ed degusta\u010dn\u00ed sout\u011b\u017ee Golden Bohemia<\/span><\/p>\n<p><span style=\"color: #666699;\">11. 10. 2023, 19.30 \u2013&nbsp;<b>Prvn\u00ed Pivn\u00ed Tramway<\/b>, fin\u00e1lov\u00e1 degustace \u010desk\u00fdch tov\u00e1rn\u00edch le\u017e\u00e1k\u016f&nbsp;<b>Prvn\u00ed pivn\u00ed extraligy<\/b>&nbsp;pro rok 2023<\/span><\/p>\n<p><span style=\"color: #666699;\">30. 09. 2023, 18.30, Balb\u00ednova poetick\u00e1 hosp\u016fdka, Vinohrady: afterparty na po\u010dest t\u0159iceti let trv\u00e1n\u00ed&nbsp;rockov\u00e9 kapely&nbsp;<b>Folimanka Blues<\/b><\/span><\/p>\n<p><span style=\"color: #666699;\">26. 09. 2023, 18.00, Pivovar U Flek\u016f, Nov\u00e9 M\u011bsto: ve\u010der na po\u010dest t\u0159iceti let trv\u00e1n\u00ed&nbsp;rockov\u00e9 kapely&nbsp;<b>Folimanka Blues<\/b><\/span><\/p>\n<p><span style=\"color: #666699;\">12. 9. 2023, 19.30 \u2013&nbsp;<b>Prvn\u00ed Pivn\u00ed Tramway<\/b>, druh\u00e9 semifin\u00e1le degustace \u010desk\u00fdch tov\u00e1rn\u00edch le\u017e\u00e1k\u016f&nbsp;<b>Prvn\u00ed pivn\u00ed extraligy<\/b>&nbsp;pro rok 2023<\/span><\/p>\n<p><span style=\"color: #666699;\">11. 09. 2023, 19.55 \u2013 L. J. hostem \u017eiv\u011b vys\u00edlan\u00e9ho po\u0159adu Aby bylo jasno s moder\u00e1torkou Kate\u0159inou Dost\u00e1lovou<\/span><\/p>\n<p><span style=\"color: #666699;\">29. 8. 2023, 19.30 \u2013&nbsp;<b>Prvn\u00ed Pivn\u00ed Tramway<\/b>, prvn\u00ed semifin\u00e1le degustace \u010desk\u00fdch tov\u00e1rn\u00edch le\u017e\u00e1k\u016f&nbsp;<b>Prvn\u00ed pivn\u00ed extraligy<\/b>&nbsp;pro rok 2023<\/span><\/p>\n<p><span style=\"color: #666699;\">29. 08. 2023, 17.00 \u2013 L. J. nat\u00e1\u010d\u00ed po\u0159ad X talk s&nbsp;Lubo\u0161em Xaverem Vesel\u00fdm<\/span><\/p>\n<p><span style=\"color: #666699;\">14. 08. 2023, 10.00: hotel Rabbit, Trhov\u00fd \u0160t\u011bp\u00e1nov \u2013 p\u0159edn\u00e1\u0161ka L. J. na t\u00e9ma \u201ePohled na potravinovou bezpe\u010dnost a politiku Fialovy vl\u00e1dy\u201c na p\u016fd\u011b platformy KLUB 2019<\/span><\/p>\n<p><span style=\"color: #666699;\">12. 07. 2023, 18.00 &#8211; L. J. v po\u0159adu Jist\u011b, pane tajemn\u00edku na TV Protiproud<\/span><\/p>\n<p><span style=\"color: #666699;\">23. 06. 2023, 19.45, Pizza Micio, Ple\u0161ivec, Slovensko: koncert L. J. s&nbsp;rockovou kapelou&nbsp;<b>Folimanka Blues<\/b><\/span><\/p>\n<p><span style=\"color: #666699;\">31. 05. 2023, 09.30: CNN Prima News &#8211; L. J. \u017eiv\u011b o p\u0159ijet eura a o situaci v EU<\/span><\/p>\n<p><span style=\"color: #666699;\">25. 05. 2023, 19.00:&nbsp; &nbsp;L. J. hostem \u017eiv\u011b vys\u00edlan\u00e9ho rozhovoru na Radiu Xaver<\/span><\/p>\n<p><span style=\"color: #666699;\">12. \u2013 13. 05. 2023, \u00dast\u00ed nad Labem, Kosteln\u00ed n\u00e1m\u011bst\u00ed:&nbsp; &nbsp;L. J. v porot\u011b degusta\u010dn\u00ed sout\u011b\u017ee Pivo \u00dasteck\u00e9ho kraje<\/span><\/p>\n<p><span style=\"color: #666699;\">05. 05. 2023, 16.00, TV Kolektif: L. J. v po\u0159adu Debatn\u00ed klub diskutuje s ekonomem Kovandou o vyhl\u00eddk\u00e1ch \u010desk\u00e9ho hospod\u00e1\u0159stv\u00ed<\/span><\/p>\n<p><span style=\"color: #666699;\">02. 05. 2023, 16.00, TV Protiproud: L. J. \u017eiv\u011b v&nbsp;po\u0159adu Hovory s&nbsp;nepodvolen\u00fdmi \u2013 Jist\u011b, pane tajemn\u00edku<\/span><\/p>\n<p><span style=\"color: #666699;\">01. 05. 2023, 15.00, Pam\u00e1tn\u00edk V\u00edtkov: L. J. sv\u00fdm projevem zahajuje shrom\u00e1\u017ed\u011bn\u00ed podporovatel\u016f iniciativy Zachra\u0148me n\u00e1\u0161 st\u00e1t<\/span><\/p>\n<p><span style=\"color: #666699;\">25. 4. 2023, 20.00 \u2013&nbsp;<b>Prvn\u00ed Pivn\u00ed Tramway<\/b>, p\u00e1t\u00e9 z\u00e1kladn\u00ed kolo degustace \u010desk\u00fdch tov\u00e1rn\u00edch le\u017e\u00e1k\u016f&nbsp;<b>Prvn\u00ed pivn\u00ed extraligy<\/b>&nbsp;pro rok 2023<\/span><\/p>\n<p><span style=\"color: #666699;\">22. 04. 2023, 15.30, V\u00fdstavi\u0161t\u011b Zahrada \u010cech, Litom\u011b\u0159ice: L. J. s&nbsp;rockovou kapelou&nbsp;<b>Folimanka Blues&nbsp; <\/b>v&nbsp;r\u00e1mci programu Mezin\u00e1rodn\u00edho pivn\u00edho festivalu<\/span><\/p>\n<p><span style=\"color: #666699;\">15. 04. 2023, 19.30,&nbsp;<b>Hi-Fi klub<\/b>, Plze\u0148: L. J. s&nbsp;rockovou kapelou&nbsp;<b>Folimanka Blues<\/b><\/span><\/p>\n<p><span style=\"color: #666699;\">14. 04. 2023, 19.00 \u2013&nbsp;<b>Warehouse<\/b>, Liberec \u2013&nbsp; &nbsp; &nbsp; &nbsp; L. J. s rockovou kapelou <b>Folimanka Blues<\/b><\/span><\/p>\n<p><span style=\"color: #666699;\">11. 4. 2023, 19.00 \u2013&nbsp;<b>Prvn\u00ed Pivn\u00ed Tramway<\/b>, \u010dtvrt\u00e9 kolo degustace \u010desk\u00fdch tov\u00e1rn\u00edch le\u017e\u00e1k\u016f&nbsp;<b>Prvn\u00ed pivn\u00ed extraligy<\/b>&nbsp;pro rok 2023<\/span><\/p>\n<p><span style=\"color: #666699;\">28. 3. 2023, 20.00 \u2013&nbsp;<b>Prvn\u00ed Pivn\u00ed Tramway<\/b>, t\u0159et\u00ed kolo degustace \u010desk\u00fdch tov\u00e1rn\u00edch le\u017e\u00e1k\u016f&nbsp;<b>Prvn\u00ed pivn\u00ed extraligy<\/b>&nbsp;pro rok 2023<\/span><\/p>\n<p><span style=\"color: #666699;\">25. 3. 2023, 18.00 \u2013&nbsp;<b>Pivovarsk\u00fd d\u016fm Zv\u00edkov<\/b>,&nbsp; &nbsp; &nbsp;L. J.&nbsp; v degusta\u010dn\u00ed komisi a na vyhla\u0161ov\u00e1n\u00ed <b>Jarn\u00ed ceny \u010desk\u00fdch sl\u00e1dk\u016f<\/b><\/span><\/p>\n<p><span style=\"color: #666699;\">23. 3. 2023, 17.00 \u2013&nbsp;<b>Protiproud TV:<\/b>&nbsp;<b>L. J<\/b>., \u017eiv\u011b v&nbsp;po\u0159adu&nbsp;<b>Hovory s&nbsp;nepodvolen\u00fdmi<\/b><\/span><\/p>\n<p><span style=\"color: #666699;\">16. 3. 2023, 14.00 \u2013&nbsp;<b>Pivovar Uh\u0159\u00edn\u011bves<\/b>, L. J.&nbsp; p\u0159ed\u00e1v\u00e1 ocen\u011bn\u00ed za v\u00edt\u011bzstv\u00ed le\u017e\u00e1ku <b>Alois<\/b>&nbsp;v&nbsp;sout\u011b\u017ei&nbsp;<b>Prvn\u00ed pivn\u00ed extraligy<\/b>&nbsp;o nejlep\u0161\u00ed le\u017e\u00e1k z&nbsp;pra\u017esk\u00fdch pivovar\u016f&nbsp;<b>Kr\u00e1l Prahy<\/b><\/span><\/p>\n<p><span style=\"color: #666699;\">15. 3. 2023, 20.00 \u2013 Prvn\u00ed Pivn\u00ed Tramway, druh\u00e9 kolo degustace \u010desk\u00fdch tov\u00e1rn\u00edch le\u017e\u00e1k\u016f Prvn\u00ed pivn\u00ed extraligy pro rok 2023<\/span><\/p>\n<p><span style=\"color: #666699;\">06. 3. 2023, 9.30 \u2013 Poslaneck\u00e1 sn\u011bmovna, vystoupen\u00ed L. J. na semin\u00e1\u0159i \u201eMan\u017eelstv\u00ed pro v\u0161echny a Istanbulsk\u00e1 \u00famluva\u201c<\/span><\/p>\n<p><span style=\"color: #666699;\">01. 3. 2023, 19.00 \u2013 Prvn\u00ed Pivn\u00ed Tramway, prvn\u00ed kolo degustace \u010desk\u00fdch tov\u00e1rn\u00edch le\u017e\u00e1k\u016f Prvn\u00ed pivn\u00ed extraligy pro rok 2023<\/span><\/p>\n<p><span style=\"color: #666699;\">28. 02. 2023, 19.30 \u2013 Vagon, Praha \u2013 N\u00e1rodn\u00ed t\u0159\u00edda: L. J. s&nbsp;kapelou Folimanka Blues na Cimrfestu &#8211; koncert\u011b pro muzikanty, kte\u0159\u00ed u\u017e nejsou mezi n\u00e1mi<\/span><\/p>\n<p><span style=\"color: #666699;\">07. 02. 2023, 19.30 \u2013 Jazz Rock Cafe, Plze\u0148: L. J. kmotrem knihy Jaroslava Pompa Rok hlupc\u016f<\/span><\/p>\n<p><span style=\"color: #666699;\">02. 02. 2023, 11.00 \u2013 pivovar Zubr, P\u0159erov: L. J. p\u0159ed\u00e1v\u00e1 veden\u00ed pivovaru Zubr cenu na v\u00edt\u011bzstv\u00ed v \u010desko-slovensk\u00e9m Superfin\u00e1le Prvn\u00ed pivn\u00ed extraligy<\/span><\/p>\n","protected":false},"excerpt":{"rendered":"<p>30. 12. 2023, 16.00, Kbelsk\u00fd pivovar \u2013 L. J. p\u0159ed\u00e1v\u00e1 Kbelsk\u00e9mu pivovaru cenu za v\u00edt\u011bzstv\u00ed zdej\u0161\u00edho le\u017e\u00e1ku v&nbsp;degusta\u010dn\u00ed sout\u011b\u017ei Prvn\u00ed pivn\u00ed extraligy&nbsp;Kr\u00e1l Prahy 22. 12. 2023, 17.00 &#8211; L. J. \u017eiv\u011b v TV Protiproud v po\u0159adu Jist\u011b, pane tajemn\u00edku 10. 12. 2023, 19.30, Na slamn\u00edku, Praha-Bubene\u010d: P\u0159edv\u00e1no\u010dn\u00ed koncert rockov\u00e9 kapely Folimanka Blues 08. 12. 2023, [&hellip;]<\/p>\n","protected":false},"author":1,"featured_media":0,"parent":0,"menu_order":0,"comment_status":"closed","ping_status":"closed","template":"","meta":{"ngg_post_thumbnail":0,"footnotes":""},"class_list":["post-14530","page","type-page","status-publish","hentry"],"_links":{"self":[{"href":"https:\/\/www.ladislavjakl.cz\/index.php?rest_route=\/wp\/v2\/pages\/14530","targetHints":{"allow":["GET"]}}],"collection":[{"href":"https:\/\/www.ladislavjakl.cz\/index.php?rest_route=\/wp\/v2\/pages"}],"about":[{"href":"https:\/\/www.ladislavjakl.cz\/index.php?rest_route=\/wp\/v2\/types\/page"}],"author":[{"embeddable":true,"href":"https:\/\/www.ladislavjakl.cz\/index.php?rest_route=\/wp\/v2\/users\/1"}],"replies":[{"embeddable":true,"href":"https:\/\/www.ladislavjakl.cz\/index.php?rest_route=%2Fwp%2Fv2%2Fcomments&post=14530"}],"version-history":[{"count":2,"href":"https:\/\/www.ladislavjakl.cz\/index.php?rest_route=\/wp\/v2\/pages\/14530\/revisions"}],"predecessor-version":[{"id":14533,"href":"https:\/\/www.ladislavjakl.cz\/index.php?rest_route=\/wp\/v2\/pages\/14530\/revisions\/14533"}],"wp:attachment":[{"href":"https:\/\/www.ladislavjakl.cz\/index.php?rest_route=%2Fwp%2Fv2%2Fmedia&parent=14530"}],"curies":[{"name":"wp","href":"https:\/\/api.w.org\/{rel}","templated":true}]}}