{"id":3105,"date":"2012-11-07T13:25:50","date_gmt":"2012-11-07T12:25:50","guid":{"rendered":"http:\/\/www.ladislavjakl.cz\/?page_id=3105"},"modified":"2012-11-07T13:25:50","modified_gmt":"2012-11-07T12:25:50","slug":"archiv-rubriky-%e2%80%9eco-se-deje%e2%80%9c-%e2%80%93-rok-2011","status":"publish","type":"page","link":"https:\/\/www.ladislavjakl.cz\/?page_id=3105","title":{"rendered":"Archiv rubriky \u201eCo se d\u011bje\u201c \u2013 rok 2011"},"content":{"rendered":"<p>Archiv rubriky \u201eCo se d\u011bje\u201c \u2013 rok 2011<\/p>\n<p><span style=\"color: #888888;\">15. 12.11 12:30 Fakulta soci\u00e1ln\u00edch v\u011bd a publicistiky, p\u0159edn\u00e1\u0161ka L. J. na t\u00e9ma &#8222;Nastolov\u00e1n\u00ed agendy medi\u00e1ln\u00ed a spole\u010densk\u00e9 debaty&#8220;<\/span><\/p>\n<p><span style=\"color: #888888;\">07.12.11 19:00 <a href=\"http:\/\/www.zlycasy.eu\" target=\"_blank\">Zl\u00fd \u010dasy<\/a>, slavnostn\u00ed nara\u017een\u00ed nov\u00e9ho CD <a href=\"http:\/\/www.folimankablues.cz\/\" target=\"_blank\">Folimanka Blues<\/a> &#8211; Krajina po bitv\u011b <\/span><\/p>\n<p><span style=\"color: #888888;\">06.12.11 20-23 hodin  L. J. hostem po\u0159adu Rockov\u00e1 zpov\u011bdnice na Radiu Beat (pra\u017esk\u00e1 frekvence 95.3)<\/span><\/p>\n<p><span style=\"color: #888888;\">06.12.11 17:30 Autoklub, Opletalova ul.: L. J. vystoup\u00ed s p\u0159\u00edsp\u011bvkem na semin\u00e1\u0159i &#8222;Koncept ob\u010dansk\u00e9 spole\u010dnosti &#8211; nep\u0159\u00edtel svobodn\u00e9ho ob\u010dana?&#8220;<\/span><\/p>\n<p><span style=\"color: #888888;\">21. 11.11 19:00 <a href=\"http:\/\/www.prvnipivnitramway.cz\/\" target=\"_blank\">Prvn\u00ed Pivn\u00ed Tramway<\/a>: L. J. \u010dlenem komise ve fin\u00e1le 2. ro\u010dn\u00edku <a href=\"http:\/\/www.prvnipivniextraliga.cz\/\" target=\"_blank\">Prvn\u00ed Pivn\u00ed Extraligy<\/a>, kde bude vyhl\u00e1\u0161ena nejlep\u0161\u00ed \u010desk\u00e1 sv\u011btl\u00e1 dvan\u00e1ctka.<\/span><\/p>\n<p><span style=\"color: #888888;\">14. 11.11 L. J. na sch\u016fzi Poradn\u00edho sboru mp\u0159. vl\u00e1dy K. Peake <\/span><\/p>\n<p><span style=\"color: #888888;\">05. 11.11 14:00 kl\u00e1\u0161ter Emauzy: L. J. hostem sn\u011bmu Akce D. O. S. T<\/span><\/p>\n<p><span style=\"color: #888888;\">02. 11.11 11:00 Jihlavsk\u00fd pivovar: L. J. hostem na Slavnostn\u00edm vyhl\u00e1\u0161en\u00ed cen za rok 2011, ud\u011blovan\u00fdch Sdru\u017een\u00edm p\u0159\u00e1tel piva.<\/span><\/p>\n<p><span style=\"color: #888888;\">31.10.11. 11:00 Ob\u0159adn\u00ed kaple M\u011bstsk\u00e9ho h\u0159bitova v Chebu, posledn\u00ed rozlou\u010den\u00ed s maminkou Stefani\u00ed Jaklovou<\/span><\/p>\n<p><span style=\"color: #888888;\">25.10.11 od 20:00 <a href=\"http:\/\/www.prvnipivnitramway.cz\/\" target=\"_blank\">Prvn\u00ed Pivn\u00ed Tramway<\/a>, <a href=\"http:\/\/www.prvnipivniextraliga.cz\/\" target=\"_blank\">Prvn\u00ed Pivn\u00ed Extraliga<\/a>, 2. semifin\u00e1lov\u00e9 kolo druh\u00e9ho ro\u010dn\u00edku \u010cesk\u00fd le\u017e\u00e1k 2011<\/span><\/p>\n<p><span style=\"color: #888888;\">15.10.11 ve 14. hodin, Praha Poho\u0159elec, start 18. ro\u010dn\u00edku <a href=\"http:\/\/www.memorialmatejekudeje.cz\/\" target=\"_blank\">Memori\u00e1lu Mat\u011bje Kud\u011bje<\/a><\/span><\/p>\n<p><span style=\"color: #888888;\">12.10.11 od 19:00 <a href=\"http:\/\/www.prvnipivnitramway.cz\/\" target=\"_blank\">Prvn\u00ed Pivn\u00ed Tramway<\/a>, <a href=\"http:\/\/www.prvnipivniextraliga.cz\/\" target=\"_blank\">Prvn\u00ed Pivn\u00ed Extraliga<\/a>, 1. semifin\u00e1lov\u00e9 kolo druh\u00e9ho ro\u010dn\u00edku \u010cesk\u00fd le\u017e\u00e1k 2011<\/span><\/p>\n<p><span style=\"color: #888888;\">20.09.11 v 15:35, bude L.J. hostem po\u0159adu Studio \u010cesko \u010cesk\u00e9ho rozhlasu<\/span><\/p>\n<p><span style=\"color: #888888;\">08.09.11 se L.J. \u00fa\u010dastn\u00ed semin\u00e1\u0159e: <strong>11. z\u00e1\u0159\u00ed 2001 \u2013 deset let pot\u00e9, <\/strong>Autoklub, Opletalova 29, Praha 1<\/span><\/p>\n<p><span style=\"color: #888888;\">17.08.11 <a href=\"http:\/\/www.prvnipivnitramway.cz\/\" target=\"_blank\">Prvn\u00ed Pivn\u00ed Tramway<\/a>, <a href=\"http:\/\/www.prvnipivniextraliga.cz\/\" target=\"_blank\">Prvn\u00ed Pivn\u00ed Extraliga<\/a>, 5. z\u00e1kladn\u00ed kolo druh\u00e9ho ro\u010dn\u00edku \u010cesk\u00fd le\u017e\u00e1k 2011<\/span><\/p>\n<p><span style=\"color: #888888;\">06.08.11, Stodola, L\u00e1zn\u011b Libverda, koncert <a href=\"http:\/\/www.folimankablues.cz\/\" target=\"_blank\">Folimanka Blues<\/a><\/span><\/p>\n<p><span style=\"color: #888888;\">28.07.11, festival Ben\u00e1tsk\u00e1 noc, Mal\u00e1 Sk\u00e1la, koncert <a href=\"http:\/\/www.folimankablues.cz\/\" target=\"_blank\">Folimanka Blues<\/a><\/span><\/p>\n<p><span style=\"color: #888888;\">20.07.11 <a href=\"http:\/\/www.prvnipivnitramway.cz\/\" target=\"_blank\">Prvn\u00ed Pivn\u00ed Tramway<\/a>, <a href=\"http:\/\/www.prvnipivniextraliga.cz\/\" target=\"_blank\">Prvn\u00ed Pivn\u00ed Extraliga<\/a>, 4. z\u00e1kladn\u00ed kolo druh\u00e9ho ro\u010dn\u00edku \u010cesk\u00fd le\u017e\u00e1k 2011<\/span><\/p>\n<p><span style=\"color: #888888;\">25.06.11, Branov u K\u0159ivokl\u00e1tu, L. J. patronem Pochodu krajem Oty Pavla<\/span><\/p>\n<p><span style=\"color: #888888;\">24.06.11, Modr\u00e1 Vopice Praha,  koncert <a href=\"http:\/\/www.folimankablues.cz\/\" target=\"_blank\">Folimanka Blues<\/a><\/span><\/p>\n<p><span style=\"color: #888888;\">24.06.11 L.J. hostem po\u0159adu V\u0161echnop\u00e1rty Karla \u0160\u00edpa na \u010cT1<\/span><\/p>\n<p><span style=\"color: #888888;\">24.06.11 od 18:30 h. L. J. hostem po\u0159adu Pressklub Frekvence 1<\/span><\/p>\n<p><span style=\"color: #888888;\">22.06.11 <a href=\"http:\/\/www.prvnipivnitramway.cz\/\" target=\"_blank\">Prvn\u00ed Pivn\u00ed Tramway<\/a>, <a href=\"http:\/\/www.prvnipivniextraliga.cz\/\" target=\"_blank\">Prvn\u00ed Pivn\u00ed Extraliga<\/a>, degustace 10\u00b0 piv <\/span><\/p>\n<p><span style=\"color: #888888;\">08.06.11 od 18h, R\u00e1dio Impuls, L. J. v po\u0159adu Impulsy V\u00e1clava Moravce<\/span><\/p>\n<p><span style=\"color: #888888;\">28.05.11 Pivovar Kaltenecker, Ro\u017e\u0148ava, Slovensko, koncert <a href=\"http:\/\/www.folimankablues.cz\/\" target=\"_blank\">Folimanka Blues<\/a><\/span><\/p>\n<p><span style=\"color: #888888;\">26.05.11 v 16:00 Ladislav Jakl v po\u0159adu Interpelace na \u010cT 2<\/span><\/p>\n<p><span style=\"color: #888888;\">ngg_shortcode_0_placeholder<\/span><\/p>\n<p><span style=\"color: #888888;\">Interpelace v pdf <a href=\"https:\/\/www.ladislavjakl.cz\/data\/interpelace.pdf\" target=\"_blank\">ZDE<\/a><br \/>\n<\/span><\/p>\n<p><span style=\"color: #888888;\">25.05.11 <a href=\"http:\/\/www.prvnipivnitramway.cz\/\" target=\"_blank\">Prvn\u00ed Pivn\u00ed Tramway<\/a>, <a href=\"http:\/\/www.prvnipivniextraliga.cz\/\" target=\"_blank\">Prvn\u00ed Pivn\u00ed Extraliga<\/a>, 3. z\u00e1kladn\u00ed kolo druh\u00e9ho ro\u010dn\u00edku \u010cesk\u00fd le\u017e\u00e1k 2011<\/span><\/p>\n<p><span style=\"color: #888888;\">14.05.11 Bounty Rock Cafe Olomouc, koncert <a href=\"http:\/\/www.folimankablues.cz\/\" target=\"_blank\">Folimanka Blues<\/a><\/span><\/p>\n<p><span style=\"color: #888888;\">13.05.11 15:00 velk\u00e1 ob\u0159adn\u00ed s\u00ed\u0148 Stra\u0161nice,  poh\u0159eb: Robby \u010cern\u00fd, \u010dlen <a href=\"http:\/\/www.folimankablues.cz\/\" target=\"_blank\">Folimanka Blues<\/a> <\/span><\/p>\n<p><span style=\"color: #888888;\">11.05.11 <a href=\"http:\/\/www.prvnipivnitramway.cz\/\" target=\"_blank\">Prvn\u00ed Pivn\u00ed Tramway<\/a>, <a href=\"http:\/\/www.prvnipivniextraliga.cz\/\" target=\"_blank\">Prvn\u00ed Pivn\u00ed Extraliga<\/a>, degustace p\u0161eni\u010dn\u00fdch piv <\/span><\/p>\n<p><span style=\"color: #888888;\">17.4.11 12:00, L. J. v po\u0159adu \u010cT Ot\u00e1zky V\u00e1clava Moravce<\/span><\/p>\n<p><span style=\"color: #888888;\">15.4.11 12:00 on-line chat s L. J. na <a href=\"http:\/\/www.ihned.cz\" target=\"_blank\">www.ihned.cz<\/a><\/span><\/p>\n<p><span style=\"color: #888888;\">13.4.11 17:40  L. J. hostem po\u0159adu Fakta Barbory Tachec\u00ed televize Prima<\/span><\/p>\n<p><span style=\"color: #888888;\">12.04.11 <a href=\"http:\/\/www.prvnipivnitramway.cz\/\" target=\"_blank\">Prvn\u00ed Pivn\u00ed Tramway<\/a>, <a href=\"http:\/\/www.prvnipivniextraliga.cz\/\" target=\"_blank\">Prvn\u00ed Pivn\u00ed Extraliga<\/a>, \u010cesko &#8211; Slovensk\u00e9 fin\u00e1le v kategorii le\u017e\u00e1k <\/span><\/p>\n<p><span style=\"color: #888888;\">6.4.11 konferen\u010dn\u00ed centrum hotelu Imperial, Ostrava L. J. \u00fa\u010dastn\u00edkem konference Ve\u0159ejnopr\u00e1vn\u00ed m\u00e9dia v nov\u00e9m desetilet\u00ed &#8211; \u010das na privatizaci?<\/span><\/p>\n<p><span style=\"color: #888888;\">5.4.11 od 18 h, kav\u00e1rna hotelu Flora, Olomouc: L. J. hostem ve\u0159ejn\u00e9 besedy MS ODS Olomouc &#8211; m\u011bsto<\/span><\/p>\n<p><span style=\"color: #888888;\">2.4.11 od 17 h. L. J. hostem po\u0159adu Pressklub Frekvence 1<\/span><\/p>\n<p><span style=\"color: #888888;\">1.4.11 Krom\u011b\u0159\u00ed\u017e, Pivovar \u010cern\u00fd orel koncert <a href=\"http:\/\/www.folimankablues.cz\/\" target=\"_blank\">Folimanka Blues<\/a><\/span><\/p>\n<p><span style=\"color: #000000;\"> <\/span><\/p>\n<p><span style=\"color: #888888;\">28.3.11 od 18 h, Novotn\u00e9ho l\u00e1vka: L. J. \u00fa\u010dastn\u00edkem diskusn\u00edho ve\u010dera Hovory na pravici<\/span><\/p>\n<p><span style=\"color: #888888;\">14.03.11 <a href=\"http:\/\/www.prvnipivnitramway.cz\/\" target=\"_blank\">Prvn\u00ed Pivn\u00ed Tramway<\/a>, <a href=\"http:\/\/www.prvnipivniextraliga.cz\/\" target=\"_blank\">Prvn\u00ed Pivn\u00ed Extraliga<\/a>, 2. z\u00e1kladn\u00ed kolo druh\u00e9ho ro\u010dn\u00edku \u010cesk\u00fd le\u017e\u00e1k 2011<\/span><\/p>\n<p><span style=\"color: #888888;\">09.03.11 &#8211; 17:00 L. J. hostem po\u0159adu 20 minut Rardio\u017eurn\u00e1lu \u010cesk\u00e9ho rozhlasu<br \/>\n<\/span><\/p>\n<p><span style=\"color: #888888;\">07. 03. 11 &#8211; 18:30 L. J. hostem po\u0159adu Interview na \u010cT24<\/span><\/p>\n<p><span style=\"color: #888888;\">28.02.11 CIMRFEST 2011, N\u00e1rodn\u00ed t\u0159\u00edda 25, Praha 1, koncert <a href=\"http:\/\/www.folimankablues.cz\/\" target=\"_blank\">Folimanka Blues<\/a><\/span><\/p>\n<p><span style=\"color: #000000;\"><span style=\"color: #888888;\">ngg_shortcode_1_placeholder<\/span><br \/>\n<\/span><\/p>\n<p><span style=\"color: #888888;\">19.02.11 \u010cervoto\u010d, Strakonice, koncert <a href=\"http:\/\/www.folimankablues.cz\/\" target=\"_blank\">Folimanka Blues<\/a><\/span><\/p>\n<p><span style=\"color: #888888;\"> <\/span><\/p>\n<p><span style=\"color: #888888;\">09.02.11 <a href=\"http:\/\/www.prvnipivnitramway.cz\/\" target=\"_blank\">Prvn\u00ed Pivn\u00ed Tramway<\/a>, <a href=\"http:\/\/www.prvnipivniextraliga.cz\/\" target=\"_blank\">Prvn\u00ed Pivn\u00ed Extraliga<\/a>, 1. z\u00e1kladn\u00ed kolo druh\u00e9ho ro\u010dn\u00edku \u010cesk\u00fd le\u017e\u00e1k 2011<\/span><\/p>\n<p><span style=\"color: #888888;\">28. &#8211; 30. 01. 11 &#8211; V\u00fdjezdn\u00ed inspekce <a href=\"http:\/\/www.prvnipivniextraliga.cz\/\" target=\"_blank\">Prvn\u00ed Pivn\u00ed Extraligy<\/a> na Slovensko a do Ma\u010farska (Kaltenecker Ro\u017e\u0148ava, Miskolcs, Tokaj)<\/span><\/p>\n<p><span style=\"color: #888888;\">3.1.11 a\u017e 27.1.11 &#8211; studio J. Stiv\u00edna, V\u0161enory: nahr\u00e1v\u00e1n\u00ed nov\u00e9ho CD skupiny <a href=\"http:\/\/www.folimankablues.cz\/\" target=\"_blank\">Folimanka Blues<\/a><\/span><\/p>\n<p><span style=\"color: #888888;\">11.1.11 21:30 L.J. v po\u0159adu Planeta Zem\u011b 2011 \u010cT24<\/span><\/p>\n<p><strong><strong><strong> <\/strong><\/strong><\/strong><\/p>\n","protected":false},"excerpt":{"rendered":"<p>Archiv rubriky \u201eCo se d\u011bje\u201c \u2013 rok 2011 15. 12.11 12:30 Fakulta soci\u00e1ln\u00edch v\u011bd a publicistiky, p\u0159edn\u00e1\u0161ka L. J. na t\u00e9ma &#8222;Nastolov\u00e1n\u00ed agendy medi\u00e1ln\u00ed a spole\u010densk\u00e9 debaty&#8220; 07.12.11 19:00 Zl\u00fd \u010dasy, slavnostn\u00ed nara\u017een\u00ed nov\u00e9ho CD Folimanka Blues &#8211; Krajina po bitv\u011b 06.12.11 20-23 hodin L. J. hostem po\u0159adu Rockov\u00e1 zpov\u011bdnice na Radiu Beat (pra\u017esk\u00e1 frekvence [&hellip;]<\/p>\n","protected":false},"author":1,"featured_media":0,"parent":0,"menu_order":0,"comment_status":"open","ping_status":"open","template":"","meta":{"ngg_post_thumbnail":0,"footnotes":""},"class_list":["post-3105","page","type-page","status-publish","hentry"],"_links":{"self":[{"href":"https:\/\/www.ladislavjakl.cz\/index.php?rest_route=\/wp\/v2\/pages\/3105","targetHints":{"allow":["GET"]}}],"collection":[{"href":"https:\/\/www.ladislavjakl.cz\/index.php?rest_route=\/wp\/v2\/pages"}],"about":[{"href":"https:\/\/www.ladislavjakl.cz\/index.php?rest_route=\/wp\/v2\/types\/page"}],"author":[{"embeddable":true,"href":"https:\/\/www.ladislavjakl.cz\/index.php?rest_route=\/wp\/v2\/users\/1"}],"replies":[{"embeddable":true,"href":"https:\/\/www.ladislavjakl.cz\/index.php?rest_route=%2Fwp%2Fv2%2Fcomments&post=3105"}],"version-history":[{"count":1,"href":"https:\/\/www.ladislavjakl.cz\/index.php?rest_route=\/wp\/v2\/pages\/3105\/revisions"}],"predecessor-version":[{"id":3106,"href":"https:\/\/www.ladislavjakl.cz\/index.php?rest_route=\/wp\/v2\/pages\/3105\/revisions\/3106"}],"wp:attachment":[{"href":"https:\/\/www.ladislavjakl.cz\/index.php?rest_route=%2Fwp%2Fv2%2Fmedia&parent=3105"}],"curies":[{"name":"wp","href":"https:\/\/api.w.org\/{rel}","templated":true}]}}